{"id":2865,"date":"2023-10-02T20:56:41","date_gmt":"2023-10-02T20:56:41","guid":{"rendered":"http:\/\/coelloglobal.com\/?page_id=2865"},"modified":"2023-10-11T15:47:06","modified_gmt":"2023-10-11T15:47:06","slug":"venta-casa-benissa-3-423-000-e","status":"publish","type":"page","link":"https:\/\/coelloglobal.com\/index.php\/venta-casa-benissa-3-423-000-e\/","title":{"rendered":"Venta Casa Benissa 3.423.000 \u20ac Ref: CG0033"},"content":{"rendered":"\n<div id=\"wp-block-themeisle-blocks-slider-0f946ffa\" class=\"wp-block-themeisle-blocks-slider glide\" data-per-view=\"1\" data-gap=\"0\" data-peek=\"0\" data-autoplay=\"true\" data-height=\"400px\"><div class=\"glide__track\" data-glide-el=\"track\"><div class=\"glide__slides\"><div class=\"wp-block-themeisle-blocks-slider-item-wrapper glide__slide\" tabindex=\"0\"><figure><img decoding=\"async\" class=\"wp-block-themeisle-blocks-slider-item\" src=\"http:\/\/coelloglobal.com\/wp-content\/uploads\/2023\/10\/foto-1-8.jpg\" alt=\"\" title=\"\" data-id=\"2866\"\/><\/figure><\/div><div class=\"wp-block-themeisle-blocks-slider-item-wrapper glide__slide\" tabindex=\"0\"><figure><img decoding=\"async\" class=\"wp-block-themeisle-blocks-slider-item\" src=\"http:\/\/coelloglobal.com\/wp-content\/uploads\/2023\/10\/foto-2-plano.jpg\" alt=\"\" title=\"\" data-id=\"2867\"\/><\/figure><\/div><div class=\"wp-block-themeisle-blocks-slider-item-wrapper glide__slide\" tabindex=\"0\"><figure><img decoding=\"async\" class=\"wp-block-themeisle-blocks-slider-item\" src=\"http:\/\/coelloglobal.com\/wp-content\/uploads\/2023\/10\/foto-3-13.jpg\" alt=\"\" title=\"\" data-id=\"2868\"\/><\/figure><\/div><div class=\"wp-block-themeisle-blocks-slider-item-wrapper glide__slide\" tabindex=\"0\"><figure><img decoding=\"async\" class=\"wp-block-themeisle-blocks-slider-item\" src=\"http:\/\/coelloglobal.com\/wp-content\/uploads\/2023\/10\/foto-4-9.jpg\" alt=\"\" title=\"\" data-id=\"2869\"\/><\/figure><\/div><div class=\"wp-block-themeisle-blocks-slider-item-wrapper glide__slide\" tabindex=\"0\"><figure><img decoding=\"async\" class=\"wp-block-themeisle-blocks-slider-item\" src=\"http:\/\/coelloglobal.com\/wp-content\/uploads\/2023\/10\/foto-5-7.jpg\" alt=\"\" title=\"\" data-id=\"2870\"\/><\/figure><\/div><div class=\"wp-block-themeisle-blocks-slider-item-wrapper glide__slide\" tabindex=\"0\"><figure><img decoding=\"async\" class=\"wp-block-themeisle-blocks-slider-item\" src=\"http:\/\/coelloglobal.com\/wp-content\/uploads\/2023\/10\/foto-6-7.jpg\" alt=\"\" title=\"\" data-id=\"2871\"\/><\/figure><\/div><div class=\"wp-block-themeisle-blocks-slider-item-wrapper glide__slide\" tabindex=\"0\"><figure><img decoding=\"async\" class=\"wp-block-themeisle-blocks-slider-item\" src=\"http:\/\/coelloglobal.com\/wp-content\/uploads\/2023\/10\/foto-7-5.jpg\" alt=\"\" title=\"\" data-id=\"2872\"\/><\/figure><\/div><div class=\"wp-block-themeisle-blocks-slider-item-wrapper glide__slide\" tabindex=\"0\"><figure><img decoding=\"async\" class=\"wp-block-themeisle-blocks-slider-item\" src=\"http:\/\/coelloglobal.com\/wp-content\/uploads\/2023\/10\/foto-8-5.jpg\" alt=\"\" title=\"\" data-id=\"2873\"\/><\/figure><\/div><div class=\"wp-block-themeisle-blocks-slider-item-wrapper glide__slide\" tabindex=\"0\"><figure><img decoding=\"async\" class=\"wp-block-themeisle-blocks-slider-item\" src=\"http:\/\/coelloglobal.com\/wp-content\/uploads\/2023\/10\/foto-9-6.jpg\" alt=\"\" title=\"\" data-id=\"2874\"\/><\/figure><\/div><div class=\"wp-block-themeisle-blocks-slider-item-wrapper glide__slide\" tabindex=\"0\"><figure><img decoding=\"async\" class=\"wp-block-themeisle-blocks-slider-item\" src=\"http:\/\/coelloglobal.com\/wp-content\/uploads\/2023\/10\/foto-10-plano.jpg\" alt=\"\" title=\"\" data-id=\"2875\"\/><\/figure><\/div><div class=\"wp-block-themeisle-blocks-slider-item-wrapper glide__slide\" tabindex=\"0\"><figure><img decoding=\"async\" class=\"wp-block-themeisle-blocks-slider-item\" src=\"http:\/\/coelloglobal.com\/wp-content\/uploads\/2023\/10\/foto-11-6.jpg\" alt=\"\" title=\"\" data-id=\"2876\"\/><\/figure><\/div><div class=\"wp-block-themeisle-blocks-slider-item-wrapper glide__slide\" tabindex=\"0\"><figure><img decoding=\"async\" class=\"wp-block-themeisle-blocks-slider-item\" src=\"http:\/\/coelloglobal.com\/wp-content\/uploads\/2023\/10\/foto-12-5.jpg\" alt=\"\" title=\"\" data-id=\"2877\"\/><\/figure><\/div><\/div><div class=\"glide__arrows\" data-glide-el=\"controls\"><button class=\"glide__arrow glide__arrow--left\" data-glide-dir=\"<\"><svg xmlns=\"http:\/\/www.w3.org\/2000\/svg\" width=\"18\" height=\"18\" viewbox=\"0 0 100 100\" role=\"img\" aria-hidden=\"true\" focusable=\"false\"><path d=\"M 10,50 L 60,100 L 70,90 L 30,50  L 70,10 L 60,0 Z\"><\/path><\/svg><\/button><button class=\"glide__arrow glide__arrow--right\" data-glide-dir=\"&gt;\"><svg xmlns=\"http:\/\/www.w3.org\/2000\/svg\" width=\"18\" height=\"18\" viewbox=\"0 0 100 100\" role=\"img\" aria-hidden=\"true\" focusable=\"false\"><path d=\"M 10,50 L 60,100 L 70,90 L 30,50  L 70,10 L 60,0 Z\"><\/path><\/svg><\/button><\/div><div class=\"glide__bullets\" data-glide-el=\"controls[nav]\"><button class=\"glide__bullet\" data-glide-dir=\"=0\"><\/button><button class=\"glide__bullet\" data-glide-dir=\"=1\"><\/button><button class=\"glide__bullet\" data-glide-dir=\"=2\"><\/button><button class=\"glide__bullet\" data-glide-dir=\"=3\"><\/button><button class=\"glide__bullet\" data-glide-dir=\"=4\"><\/button><button class=\"glide__bullet\" data-glide-dir=\"=5\"><\/button><button class=\"glide__bullet\" data-glide-dir=\"=6\"><\/button><button class=\"glide__bullet\" data-glide-dir=\"=7\"><\/button><button class=\"glide__bullet\" data-glide-dir=\"=8\"><\/button><button class=\"glide__bullet\" data-glide-dir=\"=9\"><\/button><button class=\"glide__bullet\" data-glide-dir=\"=10\"><\/button><button class=\"glide__bullet\" data-glide-dir=\"=11\"><\/button><\/div><\/div><\/div>\n\n\n\n<p><strong>Casa\nen Venta en Benissa-Comunidad Valenciana-Espa\u00f1a<\/strong><\/p>\n\n\n\n<p><strong>avenida\nmediterrani , 12, FanadixBenissa pueblo<\/strong><\/p>\n\n\n\n<p><strong>Villa\nen venta Fanadix \u2013 Benissa <\/strong><\/p>\n\n\n\n<ul class=\"wp-block-list\"><li><strong>Venta Casa\nBenissa, 6 Piezas, 4 Dormitorios, 363 M\u00b2<\/strong><\/li><li><strong>Precio: <\/strong><strong>3.423.000 \u20ac<\/strong><strong><\/strong><\/li><li>Piezas\n6 piezas<\/li><li>Superficie\n363 m\u00b2<\/li><li>Vista\nPanor\u00e1mica Mar<\/li><li>4\nDormitorios<\/li><li>1\nCocina<\/li><li>5\nCuartos de ba\u00f1o<\/li><li>2\nAparcamientos interior<\/li><li>2\nTerrazas <strong>237 m\u00b2<\/strong><\/li><li>1\nJard\u00edn <strong>1565 m\u00b2<\/strong><\/li><li>Cerca de Piscina p\u00fablica<\/li><\/ul>\n\n\n\n<p>AVISO LEGAL: No information available<\/p>\n\n\n\n<p>PRESTACIONES: Portero autom\u00e1tico<\/p>\n\n\n\n<p>English\nVersion<\/p>\n\n\n\n<ul class=\"wp-block-list\"><li><strong>Sale House\nBenissa, 6 Rooms, 4 Bedrooms, 363 M\u00b2<\/strong><\/li><li><strong>Price: \u20ac3,423,000<\/strong><\/li><li>Rooms\n6 rooms<\/li><li>Area\n363 m\u00b2<\/li><li>View Panoramic Sea<\/li><\/ul>\n\n\n\n<p>Areas<\/p>\n\n\n\n<ul class=\"wp-block-list\"><li>4\nBedrooms<\/li><li>1\nKitchen<\/li><li>5\nBathrooms<\/li><li>2\nIndoor parkings<\/li><li>2\nTerraces <strong>237 m\u00b2<\/strong><\/li><li>1 Garden <strong>1565 m\u00b2<\/strong><strong><\/strong><\/li><\/ul>\n\n\n\n<p><strong>Proximities:\nPublic pool<\/strong><\/p>\n\n\n\n<p><strong>Legal notice:\nNo information available<\/strong><\/p>\n\n\n\n<p><strong>Services: Intercom<\/strong><\/p>\n\n\n\n<p>Version\nFrancais<\/p>\n\n\n\n<p>R\u00e9gion:\nCosta Blanca<br>\n<br>\nSuperbe Villa Luxueuse T6<br>\nResidencial Raco de Galeno &#8211; Villa NEVA<br>\n<br>\nCaract\u00e9ristiques: 4 chambres, 5 salles de bain ,\nCuisine ouverte, Salle \u00e0 manger, Grandes Terrasses de 237,45 m2 avec vue\nPanoramique sur la Mer &#8230;<br>\nTerrain de 1565 m2.<br>\nGrande piscine \u00e0 d\u00e9bordement<br>\nLa plage &#8220;Cala de la Fustera&#8221; est \u00e0 3 km.<br>\nSur le terrain exclusif de Rac\u00f3 Galeno 34 se trouve\nla Villa Neva, une r\u00e9sidence dans laquelle l&#8217;architecture est combin\u00e9e avec la\nnature et les \u00e9l\u00e9ments sont finis avec du bois, du b\u00e9ton et de la pierre,\ncr\u00e9ant un beau design architectural.<br>\n<br>\nLa nature est introduite dans la maison par les\ngrandes fen\u00eatres qui doublent visuellement les espaces et qui, avec la lumi\u00e8re\nde la mer M\u00e9diterran\u00e9e comme grande alli\u00e9e, parviennent \u00e0 cr\u00e9er un dialogue\nparfait entre l&#8217;int\u00e9rieur et l&#8217;ext\u00e9rieur.<br>\n<br>\nL&#8217;int\u00e9rieur de la Villa Neva regorge de d\u00e9tails,\nd&#8217;\u00e9l\u00e9ments d\u00e9coratifs et de lambris qui cr\u00e9ent diff\u00e9rentes atmosph\u00e8res. Un\n\u00e9clairage qui apporte de la chaleur \u00e0 la maison, des pi\u00e8ces avec des plafonds \u00e0\ndouble hauteur, des murs en verre qui se rejoignent sur un c\u00f4t\u00e9 et relient\nainsi la v\u00e9randa et le salon ; autant de d\u00e9tails exclusifs qui cr\u00e9ent une villa\nunique.<br>\n<br>\nLa Villa Neva dispose de trois chambres \u00e0 coucher\navec salle de bain, plus une impressionnante chambre principale avec une salle\nde bain dont le protagoniste est une incroyable baignoire donnant sur la mer.\nIl y a un grand salon ouvert sur la cuisine et la salle \u00e0 manger, un deuxi\u00e8me\nsalon &#8211; plus ferm\u00e9, plusieurs salles de bains et des espaces libres permettant\nd&#8217;installer une salle de sport, un bureau ou &#8211; pourquoi pas-une salle de\ncin\u00e9ma.<br>\n<br>\nLe jardin est de type m\u00e9diterran\u00e9en, totalement\nint\u00e9gr\u00e9 \u00e0 l&#8217;architecture et englobant les diff\u00e9rents espaces ext\u00e9rieurs dont b\u00e9n\u00e9ficie\ncette villa. Il y a la piscine rectangulaire harmonieuse avec un mur de verre\nqui descend jusqu&#8217;\u00e0 la mer, une grande terrasse, un espace chill-out et\nplusieurs v\u00e9randas pour profiter du climat m\u00e9diterran\u00e9en \u00e0 diff\u00e9rents moments\nde la journ\u00e9e et des belles vues sur la mer avec le Pe\u00f1on de Ifach en\narri\u00e8re-plan.<br>\n<br>\nCalpe est \u00e0 seulement 6 km<br>\nMoraira est \u00e0 seulement 9 km<br>\n<br>\nProche de tous les services: zone commer\u00e7ante,\nsupermarch\u00e9, banques, pharmacie, bars et restaurants, courts de tennis et de\npaddle, \u00e9cole, plage etc &#8230;<br>\n<br>\nNeuf direct promoteur Garantie 10 ans<br>\n<br>\nDisponible \u00c9t\u00e9 2023<\/p>\n\n\n\n<ul class=\"wp-block-list\"><li>Pi\u00e8ces\n6 pi\u00e8ces<\/li><li>Surface\n363 m\u00b2<\/li><li>Vue\nPanoramique Mer<\/li><\/ul>\n\n\n\n<p>Surfaces<\/p>\n\n\n\n<ul class=\"wp-block-list\"><li>4\nChambres<\/li><li>1\nCuisine <strong>Am\u00e9nag\u00e9e\nAm\u00e9ricaine<\/strong><\/li><li>5\nSalles de bains<\/li><li>2\nParkings int\u00e9rieurs<\/li><li>2\nTerrasses <strong>237 m\u00b2<\/strong><\/li><li>1\nJardin <strong>1565 m\u00b2<\/strong><\/li><\/ul>\n\n\n\n<p><strong>Proximit\u00e9s:\nPiscine publique<\/strong><\/p>\n\n\n\n<p><strong>Mentions\nl\u00e9gales: Pas d&#8217;informations disponibles<\/strong><\/p>\n\n\n\n<p><strong>Prestations:\nInterphone<\/strong><\/p>\n","protected":false},"excerpt":{"rendered":"<p>Casa en Venta en Benissa-Comunidad Valenciana-Espa\u00f1a avenida mediterrani , 12, FanadixBenissa pueblo Villa en venta Fanadix \u2013 Benissa Venta Casa Benissa, 6 Piezas, 4 Dormitorios, 363 M\u00b2 Precio: 3.423.000 \u20ac Piezas 6 piezas Superficie 363 m\u00b2 Vista Panor\u00e1mica Mar 4 Dormitorios 1 Cocina 5 Cuartos de ba\u00f1o 2 Aparcamientos interior 2 Terrazas 237 m\u00b2 1 &hellip; <\/p>\n<p class=\"link-more\"><a href=\"https:\/\/coelloglobal.com\/index.php\/venta-casa-benissa-3-423-000-e\/\" class=\"more-link\">Continue reading<span class=\"screen-reader-text\"> &#8220;Venta Casa Benissa 3.423.000 \u20ac Ref: CG0033&#8221;<\/span><\/a><\/p>\n","protected":false},"author":1,"featured_media":2877,"parent":0,"menu_order":0,"comment_status":"closed","ping_status":"closed","template":"","meta":{"footnotes":""},"class_list":["post-2865","page","type-page","status-publish","has-post-thumbnail","hentry"],"_links":{"self":[{"href":"https:\/\/coelloglobal.com\/index.php\/wp-json\/wp\/v2\/pages\/2865","targetHints":{"allow":["GET"]}}],"collection":[{"href":"https:\/\/coelloglobal.com\/index.php\/wp-json\/wp\/v2\/pages"}],"about":[{"href":"https:\/\/coelloglobal.com\/index.php\/wp-json\/wp\/v2\/types\/page"}],"author":[{"embeddable":true,"href":"https:\/\/coelloglobal.com\/index.php\/wp-json\/wp\/v2\/users\/1"}],"replies":[{"embeddable":true,"href":"https:\/\/coelloglobal.com\/index.php\/wp-json\/wp\/v2\/comments?post=2865"}],"version-history":[{"count":2,"href":"https:\/\/coelloglobal.com\/index.php\/wp-json\/wp\/v2\/pages\/2865\/revisions"}],"predecessor-version":[{"id":3194,"href":"https:\/\/coelloglobal.com\/index.php\/wp-json\/wp\/v2\/pages\/2865\/revisions\/3194"}],"wp:featuredmedia":[{"embeddable":true,"href":"https:\/\/coelloglobal.com\/index.php\/wp-json\/wp\/v2\/media\/2877"}],"wp:attachment":[{"href":"https:\/\/coelloglobal.com\/index.php\/wp-json\/wp\/v2\/media?parent=2865"}],"curies":[{"name":"wp","href":"https:\/\/api.w.org\/{rel}","templated":true}]}}