{"id":3100,"date":"2023-10-11T14:48:07","date_gmt":"2023-10-11T14:48:07","guid":{"rendered":"http:\/\/coelloglobal.com\/?page_id=3100"},"modified":"2023-10-11T15:50:57","modified_gmt":"2023-10-11T15:50:57","slug":"villa-en-cala-bassa-ibiza-2-750-000-e","status":"publish","type":"page","link":"https:\/\/coelloglobal.com\/index.php\/villa-en-cala-bassa-ibiza-2-750-000-e\/","title":{"rendered":"Villa en Cala Bassa &#8211; Ibiza- 2.750.000 \u20ac Ref: CG0041"},"content":{"rendered":"\n<div id=\"wp-block-themeisle-blocks-slider-76e204ad\" class=\"wp-block-themeisle-blocks-slider glide\" data-per-view=\"1\" data-gap=\"0\" data-peek=\"0\" data-autoplay=\"true\" data-height=\"400px\"><div class=\"glide__track\" data-glide-el=\"track\"><div class=\"glide__slides\"><div class=\"wp-block-themeisle-blocks-slider-item-wrapper glide__slide\" tabindex=\"0\"><figure><img decoding=\"async\" class=\"wp-block-themeisle-blocks-slider-item\" src=\"http:\/\/coelloglobal.com\/wp-content\/uploads\/2023\/10\/foto-1-17.jpg\" alt=\"\" title=\"\" data-id=\"3101\"\/><\/figure><\/div><div class=\"wp-block-themeisle-blocks-slider-item-wrapper glide__slide\" tabindex=\"0\"><figure><img decoding=\"async\" class=\"wp-block-themeisle-blocks-slider-item\" src=\"http:\/\/coelloglobal.com\/wp-content\/uploads\/2023\/10\/foto-2-15.jpg\" alt=\"\" title=\"\" data-id=\"3102\"\/><\/figure><\/div><div class=\"wp-block-themeisle-blocks-slider-item-wrapper glide__slide\" tabindex=\"0\"><figure><img decoding=\"async\" class=\"wp-block-themeisle-blocks-slider-item\" src=\"http:\/\/coelloglobal.com\/wp-content\/uploads\/2023\/10\/foto-3-23.jpg\" alt=\"\" title=\"\" data-id=\"3103\"\/><\/figure><\/div><div class=\"wp-block-themeisle-blocks-slider-item-wrapper glide__slide\" tabindex=\"0\"><figure><img decoding=\"async\" class=\"wp-block-themeisle-blocks-slider-item\" src=\"http:\/\/coelloglobal.com\/wp-content\/uploads\/2023\/10\/foto-4-19.jpg\" alt=\"\" title=\"\" data-id=\"3104\"\/><\/figure><\/div><div class=\"wp-block-themeisle-blocks-slider-item-wrapper glide__slide\" tabindex=\"0\"><figure><img decoding=\"async\" class=\"wp-block-themeisle-blocks-slider-item\" src=\"http:\/\/coelloglobal.com\/wp-content\/uploads\/2023\/10\/foto-5-16.jpg\" alt=\"\" title=\"\" data-id=\"3105\"\/><\/figure><\/div><div class=\"wp-block-themeisle-blocks-slider-item-wrapper glide__slide\" tabindex=\"0\"><figure><img decoding=\"async\" class=\"wp-block-themeisle-blocks-slider-item\" src=\"http:\/\/coelloglobal.com\/wp-content\/uploads\/2023\/10\/foto-6-.jpg\" alt=\"\" title=\"\" data-id=\"3106\"\/><\/figure><\/div><div class=\"wp-block-themeisle-blocks-slider-item-wrapper glide__slide\" tabindex=\"0\"><figure><img decoding=\"async\" class=\"wp-block-themeisle-blocks-slider-item\" src=\"http:\/\/coelloglobal.com\/wp-content\/uploads\/2023\/10\/foto-7-14.jpg\" alt=\"\" title=\"\" data-id=\"3107\"\/><\/figure><\/div><div class=\"wp-block-themeisle-blocks-slider-item-wrapper glide__slide\" tabindex=\"0\"><figure><img decoding=\"async\" class=\"wp-block-themeisle-blocks-slider-item\" src=\"http:\/\/coelloglobal.com\/wp-content\/uploads\/2023\/10\/foto-8-14.jpg\" alt=\"\" title=\"\" data-id=\"3108\"\/><\/figure><\/div><div class=\"wp-block-themeisle-blocks-slider-item-wrapper glide__slide\" tabindex=\"0\"><figure><img decoding=\"async\" class=\"wp-block-themeisle-blocks-slider-item\" src=\"http:\/\/coelloglobal.com\/wp-content\/uploads\/2023\/10\/foto-9-1-2.jpg\" alt=\"\" title=\"\" data-id=\"3109\"\/><\/figure><\/div><div class=\"wp-block-themeisle-blocks-slider-item-wrapper glide__slide\" tabindex=\"0\"><figure><img decoding=\"async\" class=\"wp-block-themeisle-blocks-slider-item\" src=\"http:\/\/coelloglobal.com\/wp-content\/uploads\/2023\/10\/foto-10-11.jpg\" alt=\"\" title=\"\" data-id=\"3110\"\/><\/figure><\/div><div class=\"wp-block-themeisle-blocks-slider-item-wrapper glide__slide\" tabindex=\"0\"><figure><img decoding=\"async\" class=\"wp-block-themeisle-blocks-slider-item\" src=\"http:\/\/coelloglobal.com\/wp-content\/uploads\/2023\/10\/foto-11-13.jpg\" alt=\"\" title=\"\" data-id=\"3111\"\/><\/figure><\/div><div class=\"wp-block-themeisle-blocks-slider-item-wrapper glide__slide\" tabindex=\"0\"><figure><img decoding=\"async\" class=\"wp-block-themeisle-blocks-slider-item\" src=\"http:\/\/coelloglobal.com\/wp-content\/uploads\/2023\/10\/foto-12-12.jpg\" alt=\"\" title=\"\" data-id=\"3112\"\/><\/figure><\/div><\/div><div class=\"glide__arrows\" data-glide-el=\"controls\"><button class=\"glide__arrow glide__arrow--left\" data-glide-dir=\"<\"><svg xmlns=\"http:\/\/www.w3.org\/2000\/svg\" width=\"18\" height=\"18\" viewbox=\"0 0 100 100\" role=\"img\" aria-hidden=\"true\" focusable=\"false\"><path d=\"M 10,50 L 60,100 L 70,90 L 30,50  L 70,10 L 60,0 Z\"><\/path><\/svg><\/button><button class=\"glide__arrow glide__arrow--right\" data-glide-dir=\"&gt;\"><svg xmlns=\"http:\/\/www.w3.org\/2000\/svg\" width=\"18\" height=\"18\" viewbox=\"0 0 100 100\" role=\"img\" aria-hidden=\"true\" focusable=\"false\"><path d=\"M 10,50 L 60,100 L 70,90 L 30,50  L 70,10 L 60,0 Z\"><\/path><\/svg><\/button><\/div><div class=\"glide__bullets\" data-glide-el=\"controls[nav]\"><button class=\"glide__bullet\" data-glide-dir=\"=0\"><\/button><button class=\"glide__bullet\" data-glide-dir=\"=1\"><\/button><button class=\"glide__bullet\" data-glide-dir=\"=2\"><\/button><button class=\"glide__bullet\" data-glide-dir=\"=3\"><\/button><button class=\"glide__bullet\" data-glide-dir=\"=4\"><\/button><button class=\"glide__bullet\" data-glide-dir=\"=5\"><\/button><button class=\"glide__bullet\" data-glide-dir=\"=6\"><\/button><button class=\"glide__bullet\" data-glide-dir=\"=7\"><\/button><button class=\"glide__bullet\" data-glide-dir=\"=8\"><\/button><button class=\"glide__bullet\" data-glide-dir=\"=9\"><\/button><button class=\"glide__bullet\" data-glide-dir=\"=10\"><\/button><button class=\"glide__bullet\" data-glide-dir=\"=11\"><\/button><\/div><\/div><\/div>\n\n\n\n<ul class=\"wp-block-list\"><li><\/li><li><a>Venta Casa Cala Bassa, 7 Piezas, 352 M\u00b2, <\/a><\/li><li>Precio: <a>2.750.000&nbsp;\u20ac<\/a><\/li><li>Piezas&nbsp;7 piezas<\/li><li>Superficie&nbsp;352 m\u00b2<\/li><li>Condici\u00f3n&nbsp;Excelente estado<\/li><li>Orientaci\u00f3n&nbsp;Sur<\/li><li>Vista&nbsp;Despejada<\/li><\/ul>\n\n\n\n<h3 class=\"wp-block-heading\">Superficies<\/h3>\n\n\n\n<ul class=\"wp-block-list\"><li>1 Terreno&nbsp;<strong>1081 m\u00b2<\/strong><\/li><\/ul>\n\n\n\n<h3 class=\"wp-block-heading\">Cerca de<\/h3>\n\n\n\n<ul class=\"wp-block-list\"><li>Aeropuerto&nbsp;<strong>15 minutos<\/strong><\/li><\/ul>\n\n\n\n<h3 class=\"wp-block-heading\">Prestaciones<\/h3>\n\n\n\n<ul class=\"wp-block-list\"><li>Aire acondicionado<\/li><li>Doble acristalamiento<\/li><li>C\u00e1maras de seguridad<\/li><li>Videoportero<\/li><li>Piscina<\/li><li>Conserje<\/li><li><\/li><li><a>Sale House Cala Bassa, 7 Rooms, 352 M\u00b2, <\/a><\/li><li>Precio: <a>\u20ac2,750,000<\/a><\/li><\/ul>\n\n\n\n<p>Luxurious 5 bedroom VILLA in Cala Comte near Ibiza. This magnificent VILLA of 352m2, 1081m2 of land, is located 5 minutes walk from the<br>Cala Comte beach and near Cala Bassa,<br>Cala Longa and all the many beaches<br>from Ibiza.<br>4 bathrooms, 2 living rooms, 2 pools,<br>double garage, two gardens.<br>Private security 24 hours a day<\/p>\n\n\n\n<p>Rooms&nbsp;7 rooms<\/p>\n\n\n\n<p>Area&nbsp;352 m\u00b2<\/p>\n\n\n\n<p>Condition&nbsp;Excellent condition<\/p>\n\n\n\n<p>Orientation&nbsp;South<\/p>\n\n\n\n<p>View&nbsp;Unobstructed<\/p>\n\n\n\n<p>No information available<\/p>\n\n\n\n<h3 class=\"wp-block-heading\">Areas<\/h3>\n\n\n\n<ul class=\"wp-block-list\"><li>1 Land&nbsp;<strong>1081 m\u00b2<\/strong><\/li><\/ul>\n\n\n\n<h3 class=\"wp-block-heading\">Proximities<\/h3>\n\n\n\n<ul class=\"wp-block-list\"><li>Airport&nbsp;<strong>15 minutes<\/strong><\/li><\/ul>\n\n\n\n<h3 class=\"wp-block-heading\">Legal notice<\/h3>\n\n\n\n<p>No information available<\/p>\n\n\n\n<h3 class=\"wp-block-heading\">Services<\/h3>\n\n\n\n<ul class=\"wp-block-list\"><li>Air-conditioning<\/li><li>Double glazing<\/li><li>Video security<\/li><li>Videophone<\/li><li>Swimming pool<\/li><li>Caretaker<\/li><\/ul>\n\n\n\n<ul class=\"wp-block-list\"><li><a href=\"https:\/\/pleiades-estate.com\/fr\/recherche?search_property_category=1\">Vente<\/a><\/li><li><a href=\"https:\/\/pleiades-estate.com\/fr\/recherche?search_property_type=2\">Maison<\/a><\/li><li><a>Vente Maison Cala Bassa, 7 Pi\u00e8ces, 352 M\u00b2,<\/a><\/li><li>Prix: <a> 2\u202f750\u202f000&nbsp;\u20ac<\/a><\/li><\/ul>\n\n\n\n<p>VILLA luxueuse de 5 chambres proche d&#8217;Ibiza. Cette magnifique VILLA de 352m2, 1081m2 de terrain, se trouve \u00e0 5 minutes \u00e0 pied de la plage de Cala Comte et \u00e0 proximit\u00e9 de Cala Bassa, Cala Longa et de toutes les nombreuses plages d&#8217;Ibiza.<br>4 salles de bain, 2 salons, 2 piscines \u00e0 d\u00e9bordement,<br>garage double, deux jardins.<br>S\u00e9curit\u00e9 priv\u00e9 24\/24<br>A visiter sans tarder !<\/p>\n\n\n\n<p>Pi\u00e8ces&nbsp;7 pi\u00e8ces<\/p>\n\n\n\n<p>Surface&nbsp;352 m\u00b2<\/p>\n\n\n\n<p>\u00c9tat&nbsp;Excellent \u00e9tat<\/p>\n\n\n\n<p>Exposition&nbsp;SudVue&nbsp;D\u00e9gag\u00e9e<\/p>\n\n\n\n<h2 class=\"wp-block-heading\">Autres visuels<\/h2>\n\n\n\n<p>Pas d&#8217;informations disponibles<\/p>\n\n\n\n<h3 class=\"wp-block-heading\">Surfaces<\/h3>\n\n\n\n<ul class=\"wp-block-list\"><li>1 Terrain&nbsp;<strong>1081 m\u00b2<\/strong><\/li><\/ul>\n\n\n\n<h3 class=\"wp-block-heading\">Proximit\u00e9s<\/h3>\n\n\n\n<ul class=\"wp-block-list\"><li>A\u00e9roport&nbsp;<strong>15 minutes<\/strong><\/li><\/ul>\n\n\n\n<h3 class=\"wp-block-heading\">Mentions l\u00e9gales<\/h3>\n\n\n\n<p>Pas d&#8217;informations disponibles<\/p>\n\n\n\n<h3 class=\"wp-block-heading\">Prestations<\/h3>\n\n\n\n<ul class=\"wp-block-list\"><li>Air conditionn\u00e9<\/li><li>Double vitrage<\/li><li>Vid\u00e9o surveillance<\/li><li>Vid\u00e9ophone<\/li><li>Piscine<\/li><li>Gardien<\/li><\/ul>\n\n\n\n<div class=\"wp-block-themeisle-blocks-advanced-columns has-2-columns has-desktop-twoOne-layout has-tablet-equal-layout has-mobile-collapsedRows-layout has-default-gap has-vertical-unset\" id=\"wp-block-themeisle-blocks-advanced-columns-3673f828\"><div class=\"wp-block-themeisle-blocks-advanced-columns-overlay\"><\/div><div class=\"innerblocks-wrap\">\n<div class=\"wp-block-themeisle-blocks-advanced-column\" id=\"wp-block-themeisle-blocks-advanced-column-e1e13a53\"><\/div>\n\n\n\n<div class=\"wp-block-themeisle-blocks-advanced-column\" id=\"wp-block-themeisle-blocks-advanced-column-909c67d3\"><\/div>\n<\/div><\/div>\n","protected":false},"excerpt":{"rendered":"<p>Venta Casa Cala Bassa, 7 Piezas, 352 M\u00b2, Precio: 2.750.000&nbsp;\u20ac Piezas&nbsp;7 piezas Superficie&nbsp;352 m\u00b2 Condici\u00f3n&nbsp;Excelente estado Orientaci\u00f3n&nbsp;Sur Vista&nbsp;Despejada Superficies 1 Terreno&nbsp;1081 m\u00b2 Cerca de Aeropuerto&nbsp;15 minutos Prestaciones Aire acondicionado Doble acristalamiento C\u00e1maras de seguridad Videoportero Piscina Conserje Sale House Cala Bassa, 7 Rooms, 352 M\u00b2, Precio: \u20ac2,750,000 Luxurious 5 bedroom VILLA in Cala Comte near &hellip; <\/p>\n<p class=\"link-more\"><a href=\"https:\/\/coelloglobal.com\/index.php\/villa-en-cala-bassa-ibiza-2-750-000-e\/\" class=\"more-link\">Continue reading<span class=\"screen-reader-text\"> &#8220;Villa en Cala Bassa &#8211; Ibiza- 2.750.000 \u20ac Ref: CG0041&#8221;<\/span><\/a><\/p>\n","protected":false},"author":1,"featured_media":3103,"parent":0,"menu_order":0,"comment_status":"closed","ping_status":"closed","template":"","meta":{"footnotes":""},"class_list":["post-3100","page","type-page","status-publish","has-post-thumbnail","hentry"],"_links":{"self":[{"href":"https:\/\/coelloglobal.com\/index.php\/wp-json\/wp\/v2\/pages\/3100","targetHints":{"allow":["GET"]}}],"collection":[{"href":"https:\/\/coelloglobal.com\/index.php\/wp-json\/wp\/v2\/pages"}],"about":[{"href":"https:\/\/coelloglobal.com\/index.php\/wp-json\/wp\/v2\/types\/page"}],"author":[{"embeddable":true,"href":"https:\/\/coelloglobal.com\/index.php\/wp-json\/wp\/v2\/users\/1"}],"replies":[{"embeddable":true,"href":"https:\/\/coelloglobal.com\/index.php\/wp-json\/wp\/v2\/comments?post=3100"}],"version-history":[{"count":3,"href":"https:\/\/coelloglobal.com\/index.php\/wp-json\/wp\/v2\/pages\/3100\/revisions"}],"predecessor-version":[{"id":3200,"href":"https:\/\/coelloglobal.com\/index.php\/wp-json\/wp\/v2\/pages\/3100\/revisions\/3200"}],"wp:featuredmedia":[{"embeddable":true,"href":"https:\/\/coelloglobal.com\/index.php\/wp-json\/wp\/v2\/media\/3103"}],"wp:attachment":[{"href":"https:\/\/coelloglobal.com\/index.php\/wp-json\/wp\/v2\/media?parent=3100"}],"curies":[{"name":"wp","href":"https:\/\/api.w.org\/{rel}","templated":true}]}}