{"id":4012,"date":"2023-10-16T15:22:00","date_gmt":"2023-10-16T15:22:00","guid":{"rendered":"http:\/\/coelloglobal.com\/?page_id=4012"},"modified":"2023-10-16T15:23:39","modified_gmt":"2023-10-16T15:23:39","slug":"casa-en-mallorca-900-000-e-ref-cg0073","status":"publish","type":"page","link":"https:\/\/coelloglobal.com\/index.php\/casa-en-mallorca-900-000-e-ref-cg0073\/","title":{"rendered":"Casa en Mallorca 900.000 \u20ac Ref: CG0073"},"content":{"rendered":"\n<div id=\"wp-block-themeisle-blocks-slider-a95222ba\" class=\"wp-block-themeisle-blocks-slider glide\" data-per-view=\"1\" data-gap=\"0\" data-peek=\"0\" data-autoplay=\"true\" data-height=\"400px\"><div class=\"glide__track\" data-glide-el=\"track\"><div class=\"glide__slides\"><div class=\"wp-block-themeisle-blocks-slider-item-wrapper glide__slide\" tabindex=\"0\"><figure><img decoding=\"async\" class=\"wp-block-themeisle-blocks-slider-item\" src=\"http:\/\/coelloglobal.com\/wp-content\/uploads\/2023\/10\/foto-1-11.png\" alt=\"\" title=\"\" data-id=\"4013\"\/><\/figure><\/div><div class=\"wp-block-themeisle-blocks-slider-item-wrapper glide__slide\" tabindex=\"0\"><figure><img decoding=\"async\" class=\"wp-block-themeisle-blocks-slider-item\" src=\"http:\/\/coelloglobal.com\/wp-content\/uploads\/2023\/10\/foto-2-13.png\" alt=\"\" title=\"\" data-id=\"4014\"\/><\/figure><\/div><div class=\"wp-block-themeisle-blocks-slider-item-wrapper glide__slide\" tabindex=\"0\"><figure><img decoding=\"async\" class=\"wp-block-themeisle-blocks-slider-item\" src=\"http:\/\/coelloglobal.com\/wp-content\/uploads\/2023\/10\/foto-3-15.png\" alt=\"\" title=\"\" data-id=\"4015\"\/><\/figure><\/div><div class=\"wp-block-themeisle-blocks-slider-item-wrapper glide__slide\" tabindex=\"0\"><figure><img decoding=\"async\" class=\"wp-block-themeisle-blocks-slider-item\" src=\"http:\/\/coelloglobal.com\/wp-content\/uploads\/2023\/10\/foto-4-15.png\" alt=\"\" title=\"\" data-id=\"4016\"\/><\/figure><\/div><div class=\"wp-block-themeisle-blocks-slider-item-wrapper glide__slide\" tabindex=\"0\"><figure><img decoding=\"async\" class=\"wp-block-themeisle-blocks-slider-item\" src=\"http:\/\/coelloglobal.com\/wp-content\/uploads\/2023\/10\/foto-5-15.png\" alt=\"\" title=\"\" data-id=\"4017\"\/><\/figure><\/div><div class=\"wp-block-themeisle-blocks-slider-item-wrapper glide__slide\" tabindex=\"0\"><figure><img decoding=\"async\" class=\"wp-block-themeisle-blocks-slider-item\" src=\"http:\/\/coelloglobal.com\/wp-content\/uploads\/2023\/10\/foto-6-15.png\" alt=\"\" title=\"\" data-id=\"4018\"\/><\/figure><\/div><\/div><div class=\"glide__arrows\" data-glide-el=\"controls\"><button class=\"glide__arrow glide__arrow--left\" data-glide-dir=\"<\"><svg xmlns=\"http:\/\/www.w3.org\/2000\/svg\" width=\"18\" height=\"18\" viewbox=\"0 0 100 100\" role=\"img\" aria-hidden=\"true\" focusable=\"false\"><path d=\"M 10,50 L 60,100 L 70,90 L 30,50  L 70,10 L 60,0 Z\"><\/path><\/svg><\/button><button class=\"glide__arrow glide__arrow--right\" data-glide-dir=\"&gt;\"><svg xmlns=\"http:\/\/www.w3.org\/2000\/svg\" width=\"18\" height=\"18\" viewbox=\"0 0 100 100\" role=\"img\" aria-hidden=\"true\" focusable=\"false\"><path d=\"M 10,50 L 60,100 L 70,90 L 30,50  L 70,10 L 60,0 Z\"><\/path><\/svg><\/button><\/div><div class=\"glide__bullets\" data-glide-el=\"controls[nav]\"><button class=\"glide__bullet\" data-glide-dir=\"=0\"><\/button><button class=\"glide__bullet\" data-glide-dir=\"=1\"><\/button><button class=\"glide__bullet\" data-glide-dir=\"=2\"><\/button><button class=\"glide__bullet\" data-glide-dir=\"=3\"><\/button><button class=\"glide__bullet\" data-glide-dir=\"=4\"><\/button><button class=\"glide__bullet\" data-glide-dir=\"=5\"><\/button><\/div><\/div><\/div>\n\n\n\n<ul class=\"wp-block-list\"><li><a>Venta Piso Mallorca, <\/a><\/li><li>Precio: 900.000 \u20ac<\/li><li><a>4 Piezas, <\/a><\/li><li><a>3 Dormitorios, <\/a><\/li><li><a>244 M\u00b2<\/a><\/li><li>Piezas&nbsp;4 piezas<\/li><li>Superficie&nbsp;244 m\u00b2<\/li><li>Vista&nbsp;Panor\u00e1mica<\/li><\/ul>\n\n\n\n<h3 class=\"wp-block-heading\">Superficies<\/h3>\n\n\n\n<ul class=\"wp-block-list\"><li>3 Dormitorios<\/li><li>1 Cocina<\/li><li>3 Cuartos de ba\u00f1o<\/li><li>1 Aparcamiento interior<\/li><li>1 Aparcamiento exterior<\/li><li>1 Sol\u00e1rium&nbsp;<strong>54 m\u00b2<\/strong><\/li><li>1 Terraza&nbsp;<strong>71 m\u00b2<\/strong><\/li><li>1 Jard\u00edn&nbsp;<strong>271 m\u00b2<\/strong><\/li><\/ul>\n\n\n\n<h3 class=\"wp-block-heading\">Cerca de<\/h3>\n\n\n\n<ul class=\"wp-block-list\"><li>Piscina p\u00fablica<\/li><\/ul>\n\n\n\n<h3 class=\"wp-block-heading\">Prestaciones<\/h3>\n\n\n\n<ul class=\"wp-block-list\"><li>Portero autom\u00e1tico<\/li><\/ul>\n\n\n\n<ul class=\"wp-block-list\"><li><a>Sale Apartment Mallorca, <\/a><\/li><li>Price: 900.000 \u20ac<\/li><li><a>4 Rooms, <\/a><\/li><li><a>3 Bedrooms, <\/a><\/li><li><a>244 M\u00b2, <\/a><\/li><li>Rooms&nbsp;4 rooms<\/li><li>Area&nbsp;244 m\u00b2<\/li><li>View&nbsp;Panoramic<\/li><\/ul>\n\n\n\n<p>No information available<\/p>\n\n\n\n<h3 class=\"wp-block-heading\">Areas<\/h3>\n\n\n\n<ul class=\"wp-block-list\"><li>3 Bedrooms<\/li><li>1 Kitchen<\/li><li>3 Bathrooms<\/li><li>1 Indoor parking<\/li><li>1 Outdoor parking<\/li><li>1 Solarium&nbsp;<strong>54 m\u00b2<\/strong><\/li><li>1 Terrace&nbsp;<strong>71 m\u00b2<\/strong><\/li><li>1 Garden&nbsp;<strong>271 m\u00b2<\/strong><\/li><\/ul>\n\n\n\n<h3 class=\"wp-block-heading\">Proximities<\/h3>\n\n\n\n<ul class=\"wp-block-list\"><li>Public pool<\/li><\/ul>\n\n\n\n<h3 class=\"wp-block-heading\">Services<\/h3>\n\n\n\n<ul class=\"wp-block-list\"><li>Intercom<\/li><\/ul>\n\n\n\n<ul class=\"wp-block-list\"><li><a>Vente Appartement Mallorca,<\/a><\/li><li>Prix: 900.000 \u20ac<\/li><li><a> 4 Pi\u00e8ces, <\/a><\/li><li><a>3 Chambres, <\/a><\/li><li><a>244 M\u00b2, <\/a><\/li><\/ul>\n\n\n\n<p>R\u00e9gion: Bal\u00e9ares<br><br>Superbe Villa Neuve T4 \u00e0 Col\u00f2nia de Sant Pere \/ Mallorca (n\u00b022)<br><br>Caract\u00e9ristiques: 3 chambres, 3 salles de bain , Cuisine ouverte, Salle \u00e0 manger, Terrasses 71 m2 , Solarium de 54 m2, Jardin avec Piscine &#8230; etc &#8230;<br><br>A proximit\u00e9 d&#8217;une station baln\u00e9aire familiale dot\u00e9e de superbes criques et d\u2019un fantastique port de plaisance<br><br>Grande Piscine priv\u00e9.<br><br>Jardin:&nbsp; 271 m2<br><br>Terrasses: 71 m2<br><br>Solarium:&nbsp; 54 m2<br><br>\u00c9quipements complets: (\u00e9lectrom\u00e9nager, meubles, luminaires, d\u00e9coration, etc &#8230;)&nbsp; + 42 800\u20ac<br><br>Situ\u00e9 \u00e0 Sa Col\u00f2nia, dont les ma\u00eetres-mots sont intimit\u00e9 et confort. Les villas sont \u00e9quip\u00e9es de terrasses spacieuses et d\u2019un solarium pour profiter au maximum du merveilleux climat de Majorque. Leur conception inclut une foule de d\u00e9tails, l\u2019objectif \u00e9tant de vous offrir des logements con\u00e7us pour votre plus grand confort tout en r\u00e9duisant la consommation \u00e9nerg\u00e9tique.<br><br>Chaque Villa dispose d\u2019un terrain priv\u00e9 et d\u2019un acc\u00e8s ind\u00e9pendant, d\u2019un jardin avec arrosage automatique goutte-\u00e0-goutte, d\u2019une piscine et d\u2019un parking, ainsi que d\u2019un solarium \u00e0 l\u2019\u00e9tage.<br><br>Les logements sont \u00e9quip\u00e9s d\u2019une cuisine meubl\u00e9e, de la climatisation \u00e0 air froid-chaud par conduits, d\u2019un sol chauffant et d\u2019une colonne hydromassante dans la salle de bain principale, et des prestations telles que la pr\u00e9-installation d\u2019un jacuzzi.<br><br>Par ailleurs, les maisons b\u00e9n\u00e9ficient d\u2019aspects novateurs du point de vue de l\u2019efficience \u00e9nerg\u00e9tique, notamment un r\u00e9servoir d\u2019eaux pluviales situ\u00e9 au sous-sol.<br><br>Le projet est situ\u00e9 \u00e0 seulement 700 m de la plage du port de Sant Pere, qui fait partie de la baie d\u2019Alc\u00fadia. Cette plage de sable dor\u00e9 tranquille en arc se termine par une promenade maritime avec des bancs \u00e0 l\u2019ombre de tamarins. Tout pr\u00e8s, vous trouverez d\u2019autres plages comme Sa Macada de Sa Torre, Cal\u00f3 dels Erminats ou Cala des Camps, parfaites pour profiter de la nature en toute intimit\u00e9.<br><br>Neuf direct promoteur Garantie 10 ans<br><br>Disponible 2023<\/p>\n\n\n\n<p>Pi\u00e8ces&nbsp;4 pi\u00e8ces<\/p>\n\n\n\n<p>Surface&nbsp;244 m\u00b2<\/p>\n\n\n\n<p>Vue&nbsp;Panoramique<\/p>\n\n\n\n<h2 class=\"wp-block-heading\">Autres visuels<\/h2>\n\n\n\n<p>Pas d&#8217;informations disponibles<\/p>\n\n\n\n<h3 class=\"wp-block-heading\">Surfaces<\/h3>\n\n\n\n<ul class=\"wp-block-list\"><li>3 Chambres<\/li><li>1 Cuisine&nbsp;<strong>Am\u00e9nag\u00e9e Am\u00e9ricaine<\/strong><\/li><li>3 Salles de bains<\/li><li>1 Parking int\u00e9rieur<\/li><li>1 Parking ext\u00e9rieur<\/li><li>1 Solarium&nbsp;<strong>54 m\u00b2<\/strong><\/li><li>1 Terrasse&nbsp;<strong>71 m\u00b2<\/strong><\/li><li>1 Jardin&nbsp;<strong>271 m\u00b2<\/strong><\/li><\/ul>\n\n\n\n<h3 class=\"wp-block-heading\">Proximit\u00e9s<\/h3>\n\n\n\n<ul class=\"wp-block-list\"><li>Piscine publique<\/li><\/ul>\n\n\n\n<h3 class=\"wp-block-heading\">Prestations<\/h3>\n\n\n\n<ul class=\"wp-block-list\"><li>Interphone<\/li><\/ul>\n","protected":false},"excerpt":{"rendered":"<p>Venta Piso Mallorca, Precio: 900.000 \u20ac 4 Piezas, 3 Dormitorios, 244 M\u00b2 Piezas&nbsp;4 piezas Superficie&nbsp;244 m\u00b2 Vista&nbsp;Panor\u00e1mica Superficies 3 Dormitorios 1 Cocina 3 Cuartos de ba\u00f1o 1 Aparcamiento interior 1 Aparcamiento exterior 1 Sol\u00e1rium&nbsp;54 m\u00b2 1 Terraza&nbsp;71 m\u00b2 1 Jard\u00edn&nbsp;271 m\u00b2 Cerca de Piscina p\u00fablica Prestaciones Portero autom\u00e1tico Sale Apartment Mallorca, Price: 900.000 \u20ac 4 &hellip; <\/p>\n<p class=\"link-more\"><a href=\"https:\/\/coelloglobal.com\/index.php\/casa-en-mallorca-900-000-e-ref-cg0073\/\" class=\"more-link\">Continue reading<span class=\"screen-reader-text\"> &#8220;Casa en Mallorca 900.000 \u20ac Ref: CG0073&#8221;<\/span><\/a><\/p>\n","protected":false},"author":1,"featured_media":4017,"parent":0,"menu_order":0,"comment_status":"closed","ping_status":"closed","template":"","meta":{"footnotes":""},"class_list":["post-4012","page","type-page","status-publish","has-post-thumbnail","hentry"],"_links":{"self":[{"href":"https:\/\/coelloglobal.com\/index.php\/wp-json\/wp\/v2\/pages\/4012","targetHints":{"allow":["GET"]}}],"collection":[{"href":"https:\/\/coelloglobal.com\/index.php\/wp-json\/wp\/v2\/pages"}],"about":[{"href":"https:\/\/coelloglobal.com\/index.php\/wp-json\/wp\/v2\/types\/page"}],"author":[{"embeddable":true,"href":"https:\/\/coelloglobal.com\/index.php\/wp-json\/wp\/v2\/users\/1"}],"replies":[{"embeddable":true,"href":"https:\/\/coelloglobal.com\/index.php\/wp-json\/wp\/v2\/comments?post=4012"}],"version-history":[{"count":2,"href":"https:\/\/coelloglobal.com\/index.php\/wp-json\/wp\/v2\/pages\/4012\/revisions"}],"predecessor-version":[{"id":4021,"href":"https:\/\/coelloglobal.com\/index.php\/wp-json\/wp\/v2\/pages\/4012\/revisions\/4021"}],"wp:featuredmedia":[{"embeddable":true,"href":"https:\/\/coelloglobal.com\/index.php\/wp-json\/wp\/v2\/media\/4017"}],"wp:attachment":[{"href":"https:\/\/coelloglobal.com\/index.php\/wp-json\/wp\/v2\/media?parent=4012"}],"curies":[{"name":"wp","href":"https:\/\/api.w.org\/{rel}","templated":true}]}}