{"id":4224,"date":"2023-10-22T11:25:20","date_gmt":"2023-10-22T11:25:20","guid":{"rendered":"http:\/\/coelloglobal.com\/?page_id=4224"},"modified":"2023-10-23T08:13:24","modified_gmt":"2023-10-23T08:13:24","slug":"casa-san-pedro-del-pinatar-murcia-775-000-e-ref-cg0084","status":"publish","type":"page","link":"https:\/\/coelloglobal.com\/index.php\/casa-san-pedro-del-pinatar-murcia-775-000-e-ref-cg0084\/","title":{"rendered":"Casa San Pedro Del Pinatar &#8211; Murcia- 775.000 \u20ac Ref: CG0084"},"content":{"rendered":"\n<div id=\"wp-block-themeisle-blocks-slider-8f06bf32\" class=\"wp-block-themeisle-blocks-slider glide\" data-per-view=\"1\" data-gap=\"0\" data-peek=\"0\" data-autoplay=\"true\" data-height=\"400px\"><div class=\"glide__track\" data-glide-el=\"track\"><div class=\"glide__slides\"><div class=\"wp-block-themeisle-blocks-slider-item-wrapper glide__slide\" tabindex=\"0\"><figure><img decoding=\"async\" class=\"wp-block-themeisle-blocks-slider-item\" src=\"http:\/\/coelloglobal.com\/wp-content\/uploads\/2023\/10\/FOTO-0-6.jpg\" alt=\"\" title=\"\" data-id=\"4227\"\/><\/figure><\/div><div class=\"wp-block-themeisle-blocks-slider-item-wrapper glide__slide\" tabindex=\"0\"><figure><img decoding=\"async\" class=\"wp-block-themeisle-blocks-slider-item\" src=\"http:\/\/coelloglobal.com\/wp-content\/uploads\/2023\/10\/FOTO-1-45.jpg\" alt=\"\" title=\"\" data-id=\"4228\"\/><\/figure><\/div><div class=\"wp-block-themeisle-blocks-slider-item-wrapper glide__slide\" tabindex=\"0\"><figure><img decoding=\"async\" class=\"wp-block-themeisle-blocks-slider-item\" src=\"http:\/\/coelloglobal.com\/wp-content\/uploads\/2023\/10\/FOTO-2-37.jpg\" alt=\"\" title=\"\" data-id=\"4230\"\/><\/figure><\/div><div class=\"wp-block-themeisle-blocks-slider-item-wrapper glide__slide\" tabindex=\"0\"><figure><img decoding=\"async\" class=\"wp-block-themeisle-blocks-slider-item\" src=\"http:\/\/coelloglobal.com\/wp-content\/uploads\/2023\/10\/FOTO-4-43.jpg\" alt=\"\" title=\"\" data-id=\"4231\"\/><\/figure><\/div><div class=\"wp-block-themeisle-blocks-slider-item-wrapper glide__slide\" tabindex=\"0\"><figure><img decoding=\"async\" class=\"wp-block-themeisle-blocks-slider-item\" src=\"http:\/\/coelloglobal.com\/wp-content\/uploads\/2023\/10\/FOTO-5-42.jpg\" alt=\"\" title=\"\" data-id=\"4232\"\/><\/figure><\/div><div class=\"wp-block-themeisle-blocks-slider-item-wrapper glide__slide\" tabindex=\"0\"><figure><img decoding=\"async\" class=\"wp-block-themeisle-blocks-slider-item\" src=\"http:\/\/coelloglobal.com\/wp-content\/uploads\/2023\/10\/FOTO-6-37.jpg\" alt=\"\" title=\"\" data-id=\"4233\"\/><\/figure><\/div><div class=\"wp-block-themeisle-blocks-slider-item-wrapper glide__slide\" tabindex=\"0\"><figure><img decoding=\"async\" class=\"wp-block-themeisle-blocks-slider-item\" src=\"http:\/\/coelloglobal.com\/wp-content\/uploads\/2023\/10\/FOTO-7-1-3.jpg\" alt=\"\" title=\"\" data-id=\"4234\"\/><\/figure><\/div><div class=\"wp-block-themeisle-blocks-slider-item-wrapper glide__slide\" tabindex=\"0\"><figure><img decoding=\"async\" class=\"wp-block-themeisle-blocks-slider-item\" src=\"http:\/\/coelloglobal.com\/wp-content\/uploads\/2023\/10\/FOTO-8-32.jpg\" alt=\"\" title=\"\" data-id=\"4236\"\/><\/figure><\/div><div class=\"wp-block-themeisle-blocks-slider-item-wrapper glide__slide\" tabindex=\"0\"><figure><img decoding=\"async\" class=\"wp-block-themeisle-blocks-slider-item\" src=\"http:\/\/coelloglobal.com\/wp-content\/uploads\/2023\/10\/FOTO-9-28.jpg\" alt=\"\" title=\"\" data-id=\"4237\"\/><\/figure><\/div><div class=\"wp-block-themeisle-blocks-slider-item-wrapper glide__slide\" tabindex=\"0\"><figure><img decoding=\"async\" class=\"wp-block-themeisle-blocks-slider-item\" src=\"http:\/\/coelloglobal.com\/wp-content\/uploads\/2023\/10\/FOTO-10-26.jpg\" alt=\"\" title=\"\" data-id=\"4238\"\/><\/figure><\/div><div class=\"wp-block-themeisle-blocks-slider-item-wrapper glide__slide\" tabindex=\"0\"><figure><img decoding=\"async\" class=\"wp-block-themeisle-blocks-slider-item\" src=\"http:\/\/coelloglobal.com\/wp-content\/uploads\/2023\/10\/FOTO-11-35.jpg\" alt=\"\" title=\"\" data-id=\"4239\"\/><\/figure><\/div><div class=\"wp-block-themeisle-blocks-slider-item-wrapper glide__slide\" tabindex=\"0\"><figure><img decoding=\"async\" class=\"wp-block-themeisle-blocks-slider-item\" src=\"http:\/\/coelloglobal.com\/wp-content\/uploads\/2023\/10\/FOTO-12-30.jpg\" alt=\"\" title=\"\" data-id=\"4240\"\/><\/figure><\/div><\/div><div class=\"glide__arrows\" data-glide-el=\"controls\"><button class=\"glide__arrow glide__arrow--left\" data-glide-dir=\"<\"><svg xmlns=\"http:\/\/www.w3.org\/2000\/svg\" width=\"18\" height=\"18\" viewbox=\"0 0 100 100\" role=\"img\" aria-hidden=\"true\" focusable=\"false\"><path d=\"M 10,50 L 60,100 L 70,90 L 30,50  L 70,10 L 60,0 Z\"><\/path><\/svg><\/button><button class=\"glide__arrow glide__arrow--right\" data-glide-dir=\"&gt;\"><svg xmlns=\"http:\/\/www.w3.org\/2000\/svg\" width=\"18\" height=\"18\" viewbox=\"0 0 100 100\" role=\"img\" aria-hidden=\"true\" focusable=\"false\"><path d=\"M 10,50 L 60,100 L 70,90 L 30,50  L 70,10 L 60,0 Z\"><\/path><\/svg><\/button><\/div><div class=\"glide__bullets\" data-glide-el=\"controls[nav]\"><button class=\"glide__bullet\" data-glide-dir=\"=0\"><\/button><button class=\"glide__bullet\" data-glide-dir=\"=1\"><\/button><button class=\"glide__bullet\" data-glide-dir=\"=2\"><\/button><button class=\"glide__bullet\" data-glide-dir=\"=3\"><\/button><button class=\"glide__bullet\" data-glide-dir=\"=4\"><\/button><button class=\"glide__bullet\" data-glide-dir=\"=5\"><\/button><button class=\"glide__bullet\" data-glide-dir=\"=6\"><\/button><button class=\"glide__bullet\" data-glide-dir=\"=7\"><\/button><button class=\"glide__bullet\" data-glide-dir=\"=8\"><\/button><button class=\"glide__bullet\" data-glide-dir=\"=9\"><\/button><button class=\"glide__bullet\" data-glide-dir=\"=10\"><\/button><button class=\"glide__bullet\" data-glide-dir=\"=11\"><\/button><\/div><\/div><\/div>\n\n\n\n<p><strong>Venta\nCasa San Pedro Del Pinatar &#8211; Murcia<\/strong><\/p>\n\n\n\n<p><strong>Calle\nSalvador Dal\u00ed<\/strong><\/p>\n\n\n\n<p>Venta Casa San Pedro Del Pinatar, 6 Piezas, 4\nDormitorios, 346 M\u00b2, 775.000&nbsp;\u20ac<\/p>\n\n\n\n<ul class=\"wp-block-list\"><li><strong>REF: CG008<\/strong>4<\/li><\/ul>\n\n\n\n<ul class=\"wp-block-list\"><li>775.000&nbsp;\u20ac<\/li><li>Piezas&nbsp;6 piezas<\/li><li>Superficie&nbsp;346 m\u00b2<\/li><li>Vista&nbsp;Panor\u00e1mica<\/li><li>4 Dormitorios<\/li><li>1 Cocina<\/li><li>4 Cuartos de ba\u00f1o<\/li><li>1 Terreno&nbsp;556 m\u00b2<\/li><li>2 Aparcamientos interior<\/li><li>1 Sol\u00e1rium&nbsp;45 m\u00b2<\/li><li>3 Terrazas&nbsp;58 m\u00b2<\/li><li>1 Jard\u00edn&nbsp;556 m\u00b2<\/li><li>Cerca de Piscina p\u00fablica<\/li><li>Impuesto sobre Bienes\n     Inmuebles&nbsp;650 \u20ac \/ a\u00f1o<\/li><li>Prestaciones: Portero\n     autom\u00e1tico<\/li><\/ul>\n\n\n\n<pre class=\"wp-block-preformatted\"> <mark>Regi\u00f3n: Costa C\u00e1lida\nVilla en San Pedro Jazm\u00edn III\n\u00a0\nCaracter\u00edsticas: 4 dormitorios, 4 ba\u00f1os, Cocina abierta, Comedor, Sal\u00f3n abierto, Terraza(s) de 58,30 m2, Jard\u00edn de 556 m2.....\n\u00a0\n4 dormitorios. Vestidor completo en dormitorio en suite.\n4 ba\u00f1os completos con radiador toallero.\nMotorizaci\u00f3n de persianas grandes.\nCocina totalmente equipada.\nPiscina privada con cloraci\u00f3n salina.\nJacuzzi incluido en la piscina.\nGaraje independiente.\nPatio.\nIluminaci\u00f3n ambiental en jard\u00edn y terrazas.\nJard\u00edn completamente terminado.\nToma de corriente para coche el\u00e9ctrico.\nMotorizaci\u00f3n de la puerta del garaje.\n\u00a0\nPlaya mediterr\u00e1nea a 2 km\nPlaya del mar menor a 2,5 km\n5 restaurantes a 1 km (15 restaurantes a 3 km)\n3 supermercados a 1 km\n\u00a0\nLa residencia est\u00e1 situada en el municipio de San Pedro del Pinatar, en la Costa C\u00e1lida.\n\u00a0\nEste proyecto se encuentra muy cerca de las playas del Mar Mediterr\u00e1neo y las del Mar Menor, est\u00e1 rodeado de todos los servicios y a menos de 700 m del centro de la ciudad.\n\u00a0\nNuevo, garant\u00eda de 10 a\u00f1os, disponible en septiembre de 2023<\/mark>\n \u00a0 \n<\/pre>\n\n\n\n<p><strong><em>English\nVersion <\/em><\/strong><\/p>\n\n\n\n<p><strong>Sale\nHouse San Pedro Del Pinatar &#8211; Murcia<\/strong><\/p>\n\n\n\n<p><strong>Calle\nSalvador Dal\u00ed<\/strong><\/p>\n\n\n\n<p>Sale House San Pedro Del\nPinatar, 6 Rooms, 4 Bedrooms, 346 M\u00b2, \u20ac775,000<\/p>\n\n\n\n<ul class=\"wp-block-list\"><li><strong>REF: CG008<\/strong>4<\/li><\/ul>\n\n\n\n<ul class=\"wp-block-list\"><li>\u20ac775,000<\/li><li>Rooms&nbsp;6 rooms<\/li><li>Area&nbsp;346 m\u00b2<\/li><li>View&nbsp;Panoramic<\/li><li>4 Bedrooms<\/li><li>1 Kitchen<\/li><li>4 Bathrooms<\/li><li>1 Land&nbsp;556 m\u00b2<\/li><li>2 Indoor parkings<\/li><li>1 Solarium&nbsp;45 m\u00b2<\/li><li>3 Terraces&nbsp;58 m\u00b2<\/li><li>1 Garden&nbsp;556 m\u00b2<\/li><li>Proximities: Public pool<\/li><li>Land value tax&nbsp;650 \u20ac \/\n     year<\/li><li>Services: Intercom<\/li><\/ul>\n\n\n\n<p>Region:\nCosta Calida<\/p>\n\n\n\n<p>Villa\nin San Pedro Jazmin III<\/p>\n\n\n\n<p>Characteristics:\n4 bedrooms, 4 bathrooms, Open kitchen, Dining room, Open living room,\nTerrace(s) of 58.30 m2, Garden of 556 m2&#8230;..<\/p>\n\n\n\n<p>4\nbedrooms. Full dressing room in the en-suite bedroom.<\/p>\n\n\n\n<p>4\ncomplete bathrooms with towel radiator.<\/p>\n\n\n\n<p>Motorization\nof large blinds.<\/p>\n\n\n\n<p>Fully\nequipped kitchen.<\/p>\n\n\n\n<p>Private\nswimming pool with saline chlorination.<\/p>\n\n\n\n<p>Jacuzzi\nincluded in the swimming pool.<\/p>\n\n\n\n<p>Independent\ngarage.<\/p>\n\n\n\n<p>Courtyard.<\/p>\n\n\n\n<p>Ambient\nlighting in the garden and on the terraces.<\/p>\n\n\n\n<p>Garden\ncompletely finished.<\/p>\n\n\n\n<p>Power\nsocket for electric car.<\/p>\n\n\n\n<p>Motorization\nof the garage door.<\/p>\n\n\n\n<p>Mediterranean\nbeach 2 km away<\/p>\n\n\n\n<p>Mar\nmenor beach 2.5 km away<\/p>\n\n\n\n<p>5\nrestaurants within 1 km (15 restaurants within 3 km)<\/p>\n\n\n\n<p>3\nSupermarkets within 1 km<\/p>\n\n\n\n<p>The\nresidence is located in the municipality of San Pedro del Pinatar, on the Costa\nC\u00e1lida.<\/p>\n\n\n\n<p>This\nproject is very close to the beaches of the Mediterranean Sea and those of the\nMar Menor, it is surrounded by all services and less than 700 m from the city\ncenter.<\/p>\n\n\n\n<p>New,\n10-year warranty, Available September 2023<\/p>\n\n\n\n<p><strong><em>Version Fran\u00e7ais<\/em><\/strong><\/p>\n\n\n\n<p><strong>Vente\nMaison San Pedro Del Pinatar &#8211; Murcia<\/strong><\/p>\n\n\n\n<p><strong>Calle\nSalvador Dal\u00ed<\/strong><\/p>\n\n\n\n<p>Vente Maison San Pedro Del Pinatar, 6 Pi\u00e8ces, 4\nChambres, 346 M\u00b2, 775\u202f000&nbsp;\u20ac<\/p>\n\n\n\n<ul class=\"wp-block-list\"><li><strong>REF: CG008<\/strong>4<\/li><\/ul>\n\n\n\n<ul class=\"wp-block-list\"><li>775\u202f000&nbsp;\u20ac<\/li><li>Pi\u00e8ces&nbsp;6 pi\u00e8ces<\/li><li>Surface&nbsp;346 m\u00b2<\/li><li>Vue&nbsp;Panoramique<\/li><li>4 Chambres<\/li><li>1 Cuisine&nbsp;Am\u00e9nag\u00e9e et\n     Equip\u00e9e Am\u00e9ricaine<\/li><li>4 Salles de bains<\/li><li>1 Terrain&nbsp;556 m\u00b2<\/li><li>2 Parkings int\u00e9rieurs<\/li><li>1 Solarium&nbsp;45 m\u00b2<\/li><li>3 Terrasses&nbsp;58 m\u00b2<\/li><li>1 Jardin&nbsp;556 m\u00b2<\/li><li>Proximit\u00e9s: Piscine publique<\/li><li>Taxe fonci\u00e8re&nbsp;650 \u20ac \/\n     an<\/li><li>Prestations: Interphone<\/li><\/ul>\n\n\n\n<p>R\u00e9gion:\nCosta Calida<br>\nVilla \u00e0 San Pedro Jazm\u00edn III<br>\n<br>\nCaract\u00e9ristiques: 4 chambres , 4 salles de bain , Cuisine ouverte, Salle a\nmanger, Salon ouvert, Terrasse(s) de 58,30 m2, Jardin de 556 m2 &#8230;..<br>\n<br>\n4 chambres. Dressing complet\ndans la chambre en-suite.<br>\n4 salles de bains compl\u00e8tes avec radiateur s\u00e8che-serviettes.<br>\nMotorisation des grands stores.<br>\nCuisine enti\u00e8rement \u00e9quip\u00e9e.<br>\nPiscine priv\u00e9e avec chloration saline.<br>\nJacuzzi inclus dans la piscine.<br>\nGarage ind\u00e9pendant.<br>\nCour int\u00e9rieure.<br>\n\u00c9clairage d&#8217;ambiance dans le jardin et sur les terrasses.<br>\nJardin\nenti\u00e8rement termin\u00e9.<br>\nPrise de courant pour voiture \u00e9lectrique.<br>\nMotorisation de la porte de garage.<br>\n<br>\nPlage M\u00e9diterran\u00e9e \u00e0 2 km<\/p>\n\n\n\n<p>Plage Mar menor \u00e0 2,5\nkm<br>\n5 restaurants \u00e0 moins de 1 km (15 restaurants \u00e0 moins de 3 km)<br>\n3 Supermarch\u00e9s \u00e0 moins de 1 km<br>\n<br>\nLa r\u00e9sidence est situ\u00e9e dans la municipalit\u00e9 de San Pedro del Pinatar, sur la\nCosta C\u00e1lida.<br>\n<br>\nCe projet est tr\u00e8s proche des plages de la mer M\u00e9diterran\u00e9e et de celles de la\nMar Menor, il est entour\u00e9 de tous les services et \u00e0 moins de 700 m du\ncentre-ville.<br>\n<br>\nNeuf, Garantie 10 ans, Disponible septembre 2023<br>\n<br>\n<br>\n<\/p>\n\n\n\n<div class=\"wp-block-themeisle-blocks-advanced-columns has-undefined-columns has-desktop-undefined-layout has-tablet-equal-layout has-mobile-equal-layout has-default-gap has-vertical-unset\" id=\"wp-block-themeisle-blocks-advanced-columns-905bb500\"><div class=\"wp-block-themeisle-blocks-advanced-columns-overlay\"><\/div><div class=\"innerblocks-wrap\"><\/div><\/div>\n","protected":false},"excerpt":{"rendered":"<p>Venta Casa San Pedro Del Pinatar &#8211; Murcia Calle Salvador Dal\u00ed Venta Casa San Pedro Del Pinatar, 6 Piezas, 4 Dormitorios, 346 M\u00b2, 775.000&nbsp;\u20ac REF: CG0084 775.000&nbsp;\u20ac Piezas&nbsp;6 piezas Superficie&nbsp;346 m\u00b2 Vista&nbsp;Panor\u00e1mica 4 Dormitorios 1 Cocina 4 Cuartos de ba\u00f1o 1 Terreno&nbsp;556 m\u00b2 2 Aparcamientos interior 1 Sol\u00e1rium&nbsp;45 m\u00b2 3 Terrazas&nbsp;58 m\u00b2 1 Jard\u00edn&nbsp;556 m\u00b2 &hellip; <\/p>\n<p class=\"link-more\"><a href=\"https:\/\/coelloglobal.com\/index.php\/casa-san-pedro-del-pinatar-murcia-775-000-e-ref-cg0084\/\" class=\"more-link\">Continue reading<span class=\"screen-reader-text\"> &#8220;Casa San Pedro Del Pinatar &#8211; Murcia- 775.000 \u20ac Ref: CG0084&#8221;<\/span><\/a><\/p>\n","protected":false},"author":1,"featured_media":4239,"parent":0,"menu_order":0,"comment_status":"closed","ping_status":"closed","template":"","meta":{"footnotes":""},"class_list":["post-4224","page","type-page","status-publish","has-post-thumbnail","hentry"],"_links":{"self":[{"href":"https:\/\/coelloglobal.com\/index.php\/wp-json\/wp\/v2\/pages\/4224","targetHints":{"allow":["GET"]}}],"collection":[{"href":"https:\/\/coelloglobal.com\/index.php\/wp-json\/wp\/v2\/pages"}],"about":[{"href":"https:\/\/coelloglobal.com\/index.php\/wp-json\/wp\/v2\/types\/page"}],"author":[{"embeddable":true,"href":"https:\/\/coelloglobal.com\/index.php\/wp-json\/wp\/v2\/users\/1"}],"replies":[{"embeddable":true,"href":"https:\/\/coelloglobal.com\/index.php\/wp-json\/wp\/v2\/comments?post=4224"}],"version-history":[{"count":9,"href":"https:\/\/coelloglobal.com\/index.php\/wp-json\/wp\/v2\/pages\/4224\/revisions"}],"predecessor-version":[{"id":4272,"href":"https:\/\/coelloglobal.com\/index.php\/wp-json\/wp\/v2\/pages\/4224\/revisions\/4272"}],"wp:featuredmedia":[{"embeddable":true,"href":"https:\/\/coelloglobal.com\/index.php\/wp-json\/wp\/v2\/media\/4239"}],"wp:attachment":[{"href":"https:\/\/coelloglobal.com\/index.php\/wp-json\/wp\/v2\/media?parent=4224"}],"curies":[{"name":"wp","href":"https:\/\/api.w.org\/{rel}","templated":true}]}}